{"id":51672,"date":"2017-12-04T13:34:51","date_gmt":"2017-12-04T18:34:51","guid":{"rendered":"https:\/\/www.aicanada.ca\/?post_type=britishcolumbia&#038;p=51348"},"modified":"2026-02-20T13:10:16","modified_gmt":"2026-02-20T18:10:16","slug":"british-columbia","status":"publish","type":"britishcolumbia","link":"https:\/\/www.aicanada.ca\/fr\/province-british-columbia\/british-columbia\/","title":{"rendered":"British Columbia"},"content":{"rendered":"\n<div class=\"wp-block-columns is-layout-flex wp-container-core-columns-is-layout-28f84493 wp-block-columns-is-layout-flex\">\n<div class=\"wp-block-column is-layout-flow wp-block-column-is-layout-flow\" style=\"flex-basis:60%\"><div class=\"mp-block-image-heading mp-block clearfix\">\r\n    <div class=\"image-heading-block\">\r\n\t\t            <div class=\"heading-imagery image-heading\" style=\"max-width:63px\">\r\n                <img decoding=\"async\" src=\"https:\/\/www.aicanada.ca\/wp-content\/uploads\/province-flags-britishcolumbia.jpg\" alt=\"Proudly serving Appraisal Professionals within British Columbia &amp; the Yukon\"\/>\r\n            <\/div>\r\n\t\t        <div class=\"heading-text\">\r\n            <h2>Proudly serving Appraisal Professionals within British Columbia &#038; the Yukon<\/h2>\r\n        <\/div>\r\n    <\/div>\r\n<\/div>\r\n\n\n\n<p>The Appraisal Institute of Canada \u2013 British Columbia (AIC-BC) is the provincial association of the Appraisal Institute of Canada (AIC) within British Columbia and Yukon Territory. Established in 1973, AIC-BC represents approximately 1,200 members and delivers AIC&rsquo;s member programs and services within the region.<\/p>\n\n\n\n<p>AIC-BC&rsquo;s objective is to serve the profession and the public by implementing policies and programs to ensure the appraisal profession is advanced and the public is protected.<\/p>\n\n\n\n<p>AIC-BC and its Members are grateful to live, work, and play on the traditional, Ancestral, and unceded territory that is home for numerous First Nations with unique territories, language, and cultures throughout British Columbia. We acknowledge and respect the inherent rights of First Nations, Metis, and Inuit Peoples as the original stewards of BC lands and waters.<\/p>\n<\/div>\n\n\n\n<div class=\"wp-block-column is-layout-flow wp-block-column-is-layout-flow\">\r\n\r\n    <div class=\"mp-block-career-opportunities mp-block clearfix align\">\r\n\r\n        <h3 class=\"text-blue underline-thin-dark-grey uppercase-text\">\r\n\t\t\tCareer Opportunities        <\/h3>\r\n\r\n\t\t\r\n\t\t\t\t\t\r\n\t\t\t\r\n            <a href=\"https:\/\/www.aicanada.ca\/fr\/jobs\/aic-candidate-residential-appraisals\/\"\r\n               title=\"AIC Candidate &#8211; Residential Appraisals\"\r\n               class=\"content-box-link\">\r\n                <div class=\"content-box-text\">\r\n                    <strong>AIC Candidate &#8211; Residential Appraisals<\/strong>\r\n\t\t\t\t\t &#8211; British Columbia<br\/>\r\n\t\t\t\t\tContract                <\/div>\r\n                <div class=\"content-box-link-icon\">\r\n                    <span class=\"icon icon-arrow-right2\"><\/span>\r\n                <\/div>\r\n            <\/a>\r\n\r\n\t\t\t\r\n\t\t\t\t\t\r\n\t\t\t\r\n            <a href=\"https:\/\/www.aicanada.ca\/fr\/jobs\/commercial-appraiser-2\/\"\r\n               title=\"Commercial Appraiser\"\r\n               class=\"content-box-link\">\r\n                <div class=\"content-box-text\">\r\n                    <strong>Commercial Appraiser<\/strong>\r\n\t\t\t\t\t &#8211; British Columbia<br\/>\r\n\t\t\t\t\tPermanent Full Time                <\/div>\r\n                <div class=\"content-box-link-icon\">\r\n                    <span class=\"icon icon-arrow-right2\"><\/span>\r\n                <\/div>\r\n            <\/a>\r\n\r\n\t\t\t\r\n\t\t\t\t\t\r\n\t\t\t\r\n            <a href=\"https:\/\/www.aicanada.ca\/fr\/jobs\/property-tax-studies-specialist\/\"\r\n               title=\"Property Tax Studies Specialist\"\r\n               class=\"content-box-link\">\r\n                <div class=\"content-box-text\">\r\n                    <strong>Property Tax Studies Specialist<\/strong>\r\n\t\t\t\t\t &#8211; British Columbia<br\/>\r\n\t\t\t\t\tTerm Full Time                <\/div>\r\n                <div class=\"content-box-link-icon\">\r\n                    <span class=\"icon icon-arrow-right2\"><\/span>\r\n                <\/div>\r\n            <\/a>\r\n\r\n\t\t\t\r\n\t\t\t\t\t\r\n\t\t\t\r\n            <a href=\"https:\/\/www.aicanada.ca\/fr\/jobs\/clerk-typist\/\"\r\n               title=\"Clerk Typist\"\r\n               class=\"content-box-link\">\r\n                <div class=\"content-box-text\">\r\n                    <strong>Clerk Typist<\/strong>\r\n\t\t\t\t\t &#8211; British Columbia<br\/>\r\n\t\t\t\t\tAny                <\/div>\r\n                <div class=\"content-box-link-icon\">\r\n                    <span class=\"icon icon-arrow-right2\"><\/span>\r\n                <\/div>\r\n            <\/a>\r\n\r\n\t\t\t\r\n\t\t\t\t\t\r\n\t\t\t\r\n            <a href=\"https:\/\/www.aicanada.ca\/fr\/jobs\/valuation-consultant\/\"\r\n               title=\"Valuation Consultant\"\r\n               class=\"content-box-link\">\r\n                <div class=\"content-box-text\">\r\n                    <strong>Valuation Consultant<\/strong>\r\n\t\t\t\t\t &#8211; British Columbia<br\/>\r\n\t\t\t\t\tContract                <\/div>\r\n                <div class=\"content-box-link-icon\">\r\n                    <span class=\"icon icon-arrow-right2\"><\/span>\r\n                <\/div>\r\n            <\/a>\r\n\r\n\t\t\t\r\n\t\t\t\t\t\r\n\t\t\t\r\n            <a href=\"https:\/\/www.aicanada.ca\/fr\/jobs\/full-time-appraiser-2\/\"\r\n               title=\"Full Time Appraiser\"\r\n               class=\"content-box-link\">\r\n                <div class=\"content-box-text\">\r\n                    <strong>Full Time Appraiser<\/strong>\r\n\t\t\t\t\t &#8211; British Columbia<br\/>\r\n\t\t\t\t\tPermanent Full Time                <\/div>\r\n                <div class=\"content-box-link-icon\">\r\n                    <span class=\"icon icon-arrow-right2\"><\/span>\r\n                <\/div>\r\n            <\/a>\r\n\r\n\t\t\t\r\n\t\t\r\n        <a class=\"career-opportunities-link\" href=\"https:\/\/www.aicanada.ca\/fr\/devenir-un-evaluateur\/opportunites-de-carriere\/rechercher-des-opportunites-de-carriere\/\">\r\n\t\t\tSee all jobs            <span class=\"icon icon-arrow-right2\"><\/span>\r\n        <\/a>\r\n\r\n    <\/div>\r\n\r\n<\/div>\n<\/div>\n\n\n\n<p><strong><mark style=\"background-color:rgba(0, 0, 0, 0)\" class=\"has-inline-color has-red-color\"><strong><mark style=\"background-color:rgba(0, 0, 0, 0)\" class=\"has-inline-color has-red-color\">OFFICE CLOSURE<br>The AIC-BC office will be closed on Friday, April 3, 2026, and Monday, April 6, 2026, in observance of Easter and will reopen on Tuesday, April 7, 2026. All voicemails and emails will be responded to at that time. AIC-BC Staff thank you for your understanding. <\/mark><\/strong><\/mark><\/strong><\/p>\n\n\n\n<hr class=\"wp-block-separator has-text-color has-light-grey-color has-css-opacity has-light-grey-background-color has-background is-style-wide\"\/>\n\n\n\n<hr class=\"wp-block-separator has-alpha-channel-opacity\"\/>\n\n\n\n<p><\/p>\n\n\n\n<div class=\"wp-block-columns is-layout-flex wp-container-core-columns-is-layout-28f84493 wp-block-columns-is-layout-flex\">\n<div class=\"wp-block-column is-layout-flow wp-block-column-is-layout-flow\" style=\"flex-basis:20%\">\n<figure class=\"wp-block-gallery has-nested-images columns-default is-cropped wp-block-gallery-1 is-layout-flex wp-block-gallery-is-layout-flex\">\n<figure class=\"wp-block-image size-full\"><img loading=\"lazy\" decoding=\"async\" width=\"768\" height=\"1152\" data-id=\"139188\" src=\"https:\/\/www.aicanada.ca\/wp-content\/uploads\/BEATTY-2.jpg\" alt=\"\" class=\"wp-image-139188\" srcset=\"https:\/\/www.aicanada.ca\/wp-content\/uploads\/BEATTY-2.jpg 768w, https:\/\/www.aicanada.ca\/wp-content\/uploads\/BEATTY-2-200x300.jpg 200w, https:\/\/www.aicanada.ca\/wp-content\/uploads\/BEATTY-2-683x1024.jpg 683w, https:\/\/www.aicanada.ca\/wp-content\/uploads\/BEATTY-2-300x450.jpg 300w, https:\/\/www.aicanada.ca\/wp-content\/uploads\/BEATTY-2-360x540.jpg 360w\" sizes=\"auto, (max-width: 768px) 100vw, 768px\" \/><\/figure>\n<\/figure>\n\n\n\n<p><\/p>\n<\/div>\n\n\n\n<div class=\"wp-block-column is-layout-flow wp-block-column-is-layout-flow\" style=\"flex-basis:66.66%\">\n<p><strong>Allan Beatty, P. App., AACI, Fellow<\/strong><br><strong>ELECTED AIC-BC PRESIDENT<\/strong><\/p>\n\n\n\n<p>ALLAN BEATTY, P.APP., AACI, FELLOW ELECTED<\/p>\n\n\n\n<p>AIC-BC congratulates Allan Beatty, P.App., AACI, Fellow of Kelowna, BC on his election as President of the British Columbia Association of the Appraisal Institute of Canada.&nbsp; A <a href=\"https:\/\/mcusercontent.com\/8b72296927ef2e8697e2af6cc\/files\/60d078e6-9905-650e-c776-e32346d0c6d9\/Allan_Beatty_Press_Release_2025.pdf\">Press Release<\/a> was sent out in November 2025 advising of Allan\u2019s accomplishment.<\/p>\n<\/div>\n<\/div>\n\n\n\n<hr class=\"wp-block-separator has-text-color has-light-grey-color has-css-opacity has-light-grey-background-color has-background is-style-wide\"\/>\n\n\n\n<div class=\"wp-block-columns is-layout-flex wp-container-core-columns-is-layout-28f84493 wp-block-columns-is-layout-flex\">\n<div class=\"wp-block-column is-layout-flow wp-block-column-is-layout-flow\" style=\"flex-basis:20%\">\n<figure class=\"wp-block-image aligncenter size-full\"><img loading=\"lazy\" decoding=\"async\" width=\"275\" height=\"435\" src=\"https:\/\/www.aicanada.ca\/wp-content\/uploads\/Iain-photo-2_sm.jpg\" alt=\"\" class=\"wp-image-154827\" srcset=\"https:\/\/www.aicanada.ca\/wp-content\/uploads\/Iain-photo-2_sm.jpg 275w, https:\/\/www.aicanada.ca\/wp-content\/uploads\/Iain-photo-2_sm-190x300.jpg 190w\" sizes=\"auto, (max-width: 275px) 100vw, 275px\" \/><\/figure>\n<\/div>\n\n\n\n<div class=\"wp-block-column is-layout-flow wp-block-column-is-layout-flow\" style=\"flex-basis:66%\">\n<p class=\"has-text-align-left\"><strong>AIC-BC BOARD OF DIRECTORS RECOGNIZES IAIN HYSLOP, P.App., AACI AS THE 2025 KEITH GOODWIN AWARD RECIPIENT<\/strong><\/p>\n\n\n\n<p class=\"has-text-align-left\">On Wednesday, November 26<sup>th<\/sup>, 2025, Iain Hyslop, P.App., AACI, was presented with the 20<sup>th<\/sup> annual Keith Goodwin Award.&nbsp; This award recognizes an AIC-BC Member who has demonstrated outstanding service, leadership, achievement, education, or mentoring.&nbsp; AIC-BC applauds Iain for his volunteerism and dedication to the AIC-BC.&nbsp; <\/p>\n\n\n\n<p class=\"has-text-align-left\">More information about the Keith Goodwin award, including past recipients, can be found at <a href=\"https:\/\/www.aicanada.ca\/province-british-columbia\/british-columbia\/about-us\/awards\/\">https:\/\/www.aicanada.ca\/province-british-columbia\/british-columbia\/about-us\/awards\/<\/a>.<\/p>\n<\/div>\n<\/div>\n\n\n\n<p><span class=\"tadv-color\" style=\"color:#ffffff\">Spa<\/span><\/p>\n\n\n\n<hr class=\"wp-block-separator has-text-color has-light-grey-color has-css-opacity has-light-grey-background-color has-background is-style-wide\"\/>\n\n\n\n<p><strong>NEW DESIGNATES<\/strong><\/p>\n\n\n\n<p>AIC-BC wishes to congratulate the following AIC-BC Members for earning use of their AACI\u2122 and CRA\u2122 designations in 2025:<\/p>\n\n\n\n<p><\/p>\n\n\n\n<div class=\"wp-block-columns is-layout-flex wp-container-core-columns-is-layout-28f84493 wp-block-columns-is-layout-flex\">\n<div class=\"wp-block-column is-layout-flow wp-block-column-is-layout-flow\">\n<p><em><strong>P.App., AACI<\/strong><\/em><br>Thomas Abrahams<br>Andrew Baldwin<br>Angelica Barnett<br>Andrew Buhr<br>Elsie Cheng<br>Gavin Crandall<br>Kulbir Dhaliwal<br>Bradley Elliott<br>Alistair Fung<br>Timothy Holzhauer<br>Mitchell Hooker<br>John Horchik<br>Jim Huang<br>Rachel Lambert<br>Trevor Leong<br>Shi Bo Liu<br>Ishaan Mohan<br>Viswakant Nimmalapudi<br>Simone Simpson<br>Callista Stavnitzky<br>Ashish Verma<br>Alice Wang<br>Nikiah Wood<br>John Yanny<br>Chelsea Zarft<br><\/p>\n<\/div>\n\n\n\n<div class=\"wp-block-column is-layout-flow wp-block-column-is-layout-flow\">\n<p><strong><em>P.App., CRA<\/em><\/strong><br>Soojin Bok<br>James Bridge<br>Tamara Campbell<br>Hyun Woo (Rick) Cho<br>Lisa Clarke<br>Ria Cooke<br>Suzanne Cruz<br>Lance Edwards<br>Shannon Howlett<br>Thomas (Jamie) Ker<br>Sean Kim<br>Christopher Lynch<br>Siddharth Malhotra<br>Jeremy McCrea<br>Jonathan Moi<br>Baoting (Harry) Nie<br>Reece Pollock<br>Stephanie Pontes-Proietti<br>Arash Pouran<br>Austin Sager<br>Holly Saxton<br>Adrian Stanese<br>Sam (Shunxing) Su<br>Sumeet Virk<br>Anderson Wai Fung Wong<br>Liang Zou<br>Darren Zovko<\/p>\n<\/div>\n<\/div>\n\n\n\n<hr class=\"wp-block-separator has-text-color has-light-grey-color has-css-opacity has-light-grey-background-color has-background is-style-wide\"\/>\n\n\n\r\n<div class=\"mp-block-latest-news mp-block clearfix\">\r\n    <div class=\"latest-news\">\r\n        <a href=\"https:\/\/www.aicanada.ca\/fr\/news-events\/\" class=\"read-all\">\r\n\t\t\tLire toutes les derni\u00e8res nouvelles et \u00e9v\u00e9nements        <\/a>\r\n\r\n                                            <p>Aucune nouvelle ni aucun \u00e9v\u00e9nement n&rsquo;ont \u00e9t\u00e9 trouv\u00e9s dans votre province. Pour consulter toutes les nouvelles et tous les \u00e9v\u00e9nements, <stong><a href=\"https:\/\/www.aicanada.ca\/fr\/news-events\/\">cliquez ici<\/a><\/stong><\/p>\r\n                                <\/div>\r\n<\/div>\r\n","protected":false},"featured_media":0,"parent":0,"menu_order":0,"template":"","meta":{"_acf_changed":false,"_relevanssi_hide_post":"","_relevanssi_hide_content":"","_relevanssi_pin_for_all":"","_relevanssi_pin_keywords":"","_relevanssi_unpin_keywords":"","_relevanssi_related_keywords":"","_relevanssi_related_include_ids":"","_relevanssi_related_exclude_ids":"","_relevanssi_related_no_append":"","_relevanssi_related_not_related":"","_relevanssi_related_posts":"","_relevanssi_noindex_reason":"","_lmt_disableupdate":"","_lmt_disable":"","footnotes":""},"class_list":["post-51672","britishcolumbia","type-britishcolumbia","status-publish","hentry"],"acf":[],"_links":{"self":[{"href":"https:\/\/www.aicanada.ca\/fr\/wp-json\/wp\/v2\/britishcolumbia\/51672","targetHints":{"allow":["GET"]}}],"collection":[{"href":"https:\/\/www.aicanada.ca\/fr\/wp-json\/wp\/v2\/britishcolumbia"}],"about":[{"href":"https:\/\/www.aicanada.ca\/fr\/wp-json\/wp\/v2\/types\/britishcolumbia"}],"version-history":[{"count":14,"href":"https:\/\/www.aicanada.ca\/fr\/wp-json\/wp\/v2\/britishcolumbia\/51672\/revisions"}],"predecessor-version":[{"id":157735,"href":"https:\/\/www.aicanada.ca\/fr\/wp-json\/wp\/v2\/britishcolumbia\/51672\/revisions\/157735"}],"wp:attachment":[{"href":"https:\/\/www.aicanada.ca\/fr\/wp-json\/wp\/v2\/media?parent=51672"}],"curies":[{"name":"wp","href":"https:\/\/api.w.org\/{rel}","templated":true}]}}