{"id":50997,"date":"2017-11-17T09:55:46","date_gmt":"2017-11-17T14:55:46","guid":{"rendered":"https:\/\/www.aicanada.ca\/management-staff-2\/"},"modified":"2026-01-06T11:12:47","modified_gmt":"2026-01-06T16:12:47","slug":"direction-et-personnel","status":"publish","type":"page","link":"https:\/\/www.aicanada.ca\/fr\/a-propos-de-lice\/direction-et-personnel\/","title":{"rendered":"Direction et personnel"},"content":{"rendered":"\r\n\t\r\n    <div class=\"mp-block-staff-members mp-block clearfix align\">\r\n\r\n        <div class=\"staff-members clearfix\">\r\n\r\n\t\t\t\t\t\t\t\r\n\t\t\t\t\t\r\n                    <div class=\"single-staff\">\r\n                        <div class=\"staff-thumb\">\r\n\t\t\t\t\t\t\t\t\t\t\t\t\t\t\t<img loading=\"lazy\" decoding=\"async\" width=\"300\" height=\"300\" src=\"https:\/\/www.aicanada.ca\/wp-content\/uploads\/Donna-aspect-ratio-1-1-1-300x300.jpg\" class=\"attachment-medium-square size-medium-square\" alt=\"\" srcset=\"https:\/\/www.aicanada.ca\/wp-content\/uploads\/Donna-aspect-ratio-1-1-1-300x300.jpg 300w, https:\/\/www.aicanada.ca\/wp-content\/uploads\/Donna-aspect-ratio-1-1-1-1024x1024.jpg 1024w, https:\/\/www.aicanada.ca\/wp-content\/uploads\/Donna-aspect-ratio-1-1-1-150x150.jpg 150w, https:\/\/www.aicanada.ca\/wp-content\/uploads\/Donna-aspect-ratio-1-1-1-768x768.jpg 768w, https:\/\/www.aicanada.ca\/wp-content\/uploads\/Donna-aspect-ratio-1-1-1-1536x1536.jpg 1536w, https:\/\/www.aicanada.ca\/wp-content\/uploads\/Donna-aspect-ratio-1-1-1-100x100.jpg 100w, https:\/\/www.aicanada.ca\/wp-content\/uploads\/Donna-aspect-ratio-1-1-1-500x500.jpg 500w, https:\/\/www.aicanada.ca\/wp-content\/uploads\/Donna-aspect-ratio-1-1-1-540x540.jpg 540w, https:\/\/www.aicanada.ca\/wp-content\/uploads\/Donna-aspect-ratio-1-1-1.jpg 1638w\" sizes=\"auto, (max-width: 300px) 100vw, 300px\" \/>\t\t\t\t\t\t\t                        <\/div>\r\n                        <div class=\"staff-details\">\r\n\t\t\t\t\t\t\t                                <div class=\"staff-title\">Pr\u00e9sidente-directrice g\u00e9n\u00e9rale<\/div>\r\n\t\t\t\t\t\t\t                            <div class=\"staff-name\">Donna Dewar<\/div>\r\n\t\t\t\t\t\t\t                                <div class=\"staff-designation\">MBA, PMP<\/div>\r\n\t\t\t\t\t\t\t\t\t\t\t\t\t\t\t\t\t\t\t\t\t                        <\/div>\r\n                        <div class=\"staff-bio\">\r\n                            <a class=\"staff-bio-link\" rel=\"bios\" href=\"https:\/\/www.aicanada.ca\/fr\/staff\/donna-dewar\/\"><span class=\"icon icon-file-text3\"><\/span> Biographie<\/a>\r\n                        <\/div>\r\n\t\t\t\t\t\t\t\t\t\t\t\t\t\t\t\t\t\t\t                    <\/div>\r\n\r\n\t\t\t\t\r\n\t\t\t\t\t\r\n                    <div class=\"single-staff\">\r\n                        <div class=\"staff-thumb\">\r\n\t\t\t\t\t\t\t\t\t\t\t\t\t\t\t<img loading=\"lazy\" decoding=\"async\" width=\"300\" height=\"300\" src=\"https:\/\/www.aicanada.ca\/wp-content\/uploads\/Glenda_Cardinal-2-aspect-ratio-1-1-1-300x300.jpg\" class=\"attachment-medium-square size-medium-square\" alt=\"\" srcset=\"https:\/\/www.aicanada.ca\/wp-content\/uploads\/Glenda_Cardinal-2-aspect-ratio-1-1-1-300x300.jpg 300w, https:\/\/www.aicanada.ca\/wp-content\/uploads\/Glenda_Cardinal-2-aspect-ratio-1-1-1-150x150.jpg 150w, https:\/\/www.aicanada.ca\/wp-content\/uploads\/Glenda_Cardinal-2-aspect-ratio-1-1-1-100x100.jpg 100w, https:\/\/www.aicanada.ca\/wp-content\/uploads\/Glenda_Cardinal-2-aspect-ratio-1-1-1-500x500.jpg 500w, https:\/\/www.aicanada.ca\/wp-content\/uploads\/Glenda_Cardinal-2-aspect-ratio-1-1-1-540x540.jpg 540w, https:\/\/www.aicanada.ca\/wp-content\/uploads\/Glenda_Cardinal-2-aspect-ratio-1-1-1.jpg 685w\" sizes=\"auto, (max-width: 300px) 100vw, 300px\" \/>\t\t\t\t\t\t\t                        <\/div>\r\n                        <div class=\"staff-details\">\r\n\t\t\t\t\t\t\t                                <div class=\"staff-title\">DIRECTRICE, FINANCES ET SERVICES CORPORATIFS<\/div>\r\n\t\t\t\t\t\t\t                            <div class=\"staff-name\">Glenda Cardinal<\/div>\r\n\t\t\t\t\t\t\t                                <div class=\"staff-designation\">B. Admin<\/div>\r\n\t\t\t\t\t\t\t\t\t\t\t\t\t\t\t\t\t\t\t\t\t                                <div class=\"staff-extension\"><span class=\"icon icon-bubble8\"><\/span> Extension 225<\/div>\r\n\t\t\t\t\t\t\t                        <\/div>\r\n                        <div class=\"staff-bio\">\r\n                            <a class=\"staff-bio-link\" rel=\"bios\" href=\"https:\/\/www.aicanada.ca\/fr\/staff\/glenda-cardinal\/\"><span class=\"icon icon-file-text3\"><\/span> Biographie<\/a>\r\n                        <\/div>\r\n\t\t\t\t\t\t\t\t\t\t\t\t\t\t\t\t\t\t\t                    <\/div>\r\n\r\n\t\t\t\t\r\n\t\t\t\t\t\r\n                    <div class=\"single-staff\">\r\n                        <div class=\"staff-thumb\">\r\n\t\t\t\t\t\t\t\t\t\t\t\t\t\t\t<img loading=\"lazy\" decoding=\"async\" width=\"277\" height=\"277\" src=\"https:\/\/www.aicanada.ca\/wp-content\/uploads\/Mike-Shulkowsky_edited-2-aspect-ratio-1-1-1.jpg\" class=\"attachment-medium-square size-medium-square\" alt=\"\" srcset=\"https:\/\/www.aicanada.ca\/wp-content\/uploads\/Mike-Shulkowsky_edited-2-aspect-ratio-1-1-1.jpg 277w, https:\/\/www.aicanada.ca\/wp-content\/uploads\/Mike-Shulkowsky_edited-2-aspect-ratio-1-1-1-150x150.jpg 150w, https:\/\/www.aicanada.ca\/wp-content\/uploads\/Mike-Shulkowsky_edited-2-aspect-ratio-1-1-1-100x100.jpg 100w\" sizes=\"auto, (max-width: 277px) 100vw, 277px\" \/>\t\t\t\t\t\t\t                        <\/div>\r\n                        <div class=\"staff-details\">\r\n\t\t\t\t\t\t\t                                <div class=\"staff-title\">Directeur, Pratique professionnelle et Directeur, Admissions, accr\u00e9ditation et examen d\u2019\u00e9valuation<\/div>\r\n\t\t\t\t\t\t\t                            <div class=\"staff-name\">Mike Schulkowsky<\/div>\r\n\t\t\t\t\t\t\t                                <div class=\"staff-designation\">\u00c9. Pro., AACI<\/div>\r\n\t\t\t\t\t\t\t\t\t\t\t\t\t\t\t\t\t\t\t\t\t                                <div class=\"staff-extension\"><span class=\"icon icon-bubble8\"><\/span> Extension 240<\/div>\r\n\t\t\t\t\t\t\t                        <\/div>\r\n                        <div class=\"staff-bio\">\r\n                            <a class=\"staff-bio-link\" rel=\"bios\" href=\"https:\/\/www.aicanada.ca\/fr\/staff\/mike-schulkowsky\/\"><span class=\"icon icon-file-text3\"><\/span> Biographie<\/a>\r\n                        <\/div>\r\n\t\t\t\t\t\t\t\t\t\t\t\t\t\t\t\t\t\t\t                    <\/div>\r\n\r\n\t\t\t\t\r\n\t\t\t\t\t\r\n                    <div class=\"single-staff\">\r\n                        <div class=\"staff-thumb\">\r\n\t\t\t\t\t\t\t\t\t\t\t\t\t\t\t<img loading=\"lazy\" decoding=\"async\" width=\"300\" height=\"300\" src=\"https:\/\/www.aicanada.ca\/wp-content\/uploads\/Selected-photo-1-aspect-ratio-1-1-1-300x300.jpg\" class=\"attachment-medium-square size-medium-square\" alt=\"\" srcset=\"https:\/\/www.aicanada.ca\/wp-content\/uploads\/Selected-photo-1-aspect-ratio-1-1-1-300x300.jpg 300w, https:\/\/www.aicanada.ca\/wp-content\/uploads\/Selected-photo-1-aspect-ratio-1-1-1-1024x1024.jpg 1024w, https:\/\/www.aicanada.ca\/wp-content\/uploads\/Selected-photo-1-aspect-ratio-1-1-1-150x150.jpg 150w, https:\/\/www.aicanada.ca\/wp-content\/uploads\/Selected-photo-1-aspect-ratio-1-1-1-768x768.jpg 768w, https:\/\/www.aicanada.ca\/wp-content\/uploads\/Selected-photo-1-aspect-ratio-1-1-1-1536x1536.jpg 1536w, https:\/\/www.aicanada.ca\/wp-content\/uploads\/Selected-photo-1-aspect-ratio-1-1-1-100x100.jpg 100w, https:\/\/www.aicanada.ca\/wp-content\/uploads\/Selected-photo-1-aspect-ratio-1-1-1-500x500.jpg 500w, https:\/\/www.aicanada.ca\/wp-content\/uploads\/Selected-photo-1-aspect-ratio-1-1-1-540x540.jpg 540w, https:\/\/www.aicanada.ca\/wp-content\/uploads\/Selected-photo-1-aspect-ratio-1-1-1.jpg 1953w\" sizes=\"auto, (max-width: 300px) 100vw, 300px\" \/>\t\t\t\t\t\t\t                        <\/div>\r\n                        <div class=\"staff-details\">\r\n\t\t\t\t\t\t\t                                <div class=\"staff-title\">Directrice, Affaires publiques et communications<\/div>\r\n\t\t\t\t\t\t\t                            <div class=\"staff-name\">Sophie Lamontagne<\/div>\r\n\t\t\t\t\t\t\t\t\t\t\t\t\t\t\t\t\t\t\t\t\t                                <div class=\"staff-extension\"><span class=\"icon icon-bubble8\"><\/span> Extension 236<\/div>\r\n\t\t\t\t\t\t\t                        <\/div>\r\n                        <div class=\"staff-bio\">\r\n                            <a class=\"staff-bio-link\" rel=\"bios\" href=\"https:\/\/www.aicanada.ca\/fr\/staff\/sophie-lamontagne\/\"><span class=\"icon icon-file-text3\"><\/span> Biographie<\/a>\r\n                        <\/div>\r\n\t\t\t\t\t\t\t\t\t\t\t\t\t\t\t\t\t\t\t                    <\/div>\r\n\r\n\t\t\t\t\r\n\t\t\t\t\t\r\n                    <div class=\"single-staff\">\r\n                        <div class=\"staff-thumb\">\r\n\t\t\t\t\t\t\t\t\t\t\t\t\t\t\t<img loading=\"lazy\" decoding=\"async\" width=\"172\" height=\"172\" src=\"https:\/\/www.aicanada.ca\/wp-content\/uploads\/headshots-diane-2-aspect-ratio-1-1-1.jpg\" class=\"attachment-medium-square size-medium-square\" alt=\"\" srcset=\"https:\/\/www.aicanada.ca\/wp-content\/uploads\/headshots-diane-2-aspect-ratio-1-1-1.jpg 172w, https:\/\/www.aicanada.ca\/wp-content\/uploads\/headshots-diane-2-aspect-ratio-1-1-1-150x150.jpg 150w, https:\/\/www.aicanada.ca\/wp-content\/uploads\/headshots-diane-2-aspect-ratio-1-1-1-100x100.jpg 100w\" sizes=\"auto, (max-width: 172px) 100vw, 172px\" \/>\t\t\t\t\t\t\t                        <\/div>\r\n                        <div class=\"staff-details\">\r\n\t\t\t\t\t\t\t                                <div class=\"staff-title\">GESTIONNAIRE PRINCIPALE, SERVICES AUX MEMBRES<\/div>\r\n\t\t\t\t\t\t\t                            <div class=\"staff-name\">Diane Arruda<\/div>\r\n\t\t\t\t\t\t\t\t\t\t\t\t\t\t\t\t\t\t\t\t\t                                <div class=\"staff-extension\"><span class=\"icon icon-bubble8\"><\/span> Extension 227<\/div>\r\n\t\t\t\t\t\t\t                        <\/div>\r\n                        <div class=\"staff-bio\">\r\n                            <a class=\"staff-bio-link\" rel=\"bios\" href=\"https:\/\/www.aicanada.ca\/fr\/staff\/diane-arruda\/\"><span class=\"icon icon-file-text3\"><\/span> Biographie<\/a>\r\n                        <\/div>\r\n\t\t\t\t\t\t\t\t\t\t\t\t\t\t\t\t\t\t\t                    <\/div>\r\n\r\n\t\t\t\t\r\n\t\t\t\t\t\r\n                    <div class=\"single-staff\">\r\n                        <div class=\"staff-thumb\">\r\n\t\t\t\t\t\t\t\t\t\t\t\t\t\t\t<img loading=\"lazy\" decoding=\"async\" width=\"300\" height=\"300\" src=\"https:\/\/www.aicanada.ca\/wp-content\/uploads\/generic-profile-silhouette-female-300x300.png\" class=\"attachment-medium-square size-medium-square\" alt=\"\" srcset=\"https:\/\/www.aicanada.ca\/wp-content\/uploads\/generic-profile-silhouette-female-300x300.png 300w, https:\/\/www.aicanada.ca\/wp-content\/uploads\/generic-profile-silhouette-female-150x150.png 150w, https:\/\/www.aicanada.ca\/wp-content\/uploads\/generic-profile-silhouette-female-100x100.png 100w, https:\/\/www.aicanada.ca\/wp-content\/uploads\/generic-profile-silhouette-female.png 500w\" sizes=\"auto, (max-width: 300px) 100vw, 300px\" \/>\t\t\t\t\t\t\t                        <\/div>\r\n                        <div class=\"staff-details\">\r\n\t\t\t\t\t\t\t                                <div class=\"staff-title\">Gestionnaire, gouvernance <\/div>\r\n\t\t\t\t\t\t\t                            <div class=\"staff-name\">Antoinette Schieda<\/div>\r\n\t\t\t\t\t\t\t\t\t\t\t\t\t\t\t\t\t\t\t\t\t                                <div class=\"staff-extension\"><span class=\"icon icon-bubble8\"><\/span> Extension 244<\/div>\r\n\t\t\t\t\t\t\t                        <\/div>\r\n                        <div class=\"staff-bio\">\r\n                            <a class=\"staff-bio-link\" rel=\"bios\" href=\"https:\/\/www.aicanada.ca\/fr\/staff\/antoinette-schieda\/\"><span class=\"icon icon-file-text3\"><\/span> Biographie<\/a>\r\n                        <\/div>\r\n\t\t\t\t\t\t\t\t\t\t\t\t\t\t\t\t\t\t\t                    <\/div>\r\n\r\n\t\t\t\t\r\n\t\t\t\t\t\r\n                    <div class=\"single-staff\">\r\n                        <div class=\"staff-thumb\">\r\n\t\t\t\t\t\t\t\t\t\t\t\t\t\t\t<img loading=\"lazy\" decoding=\"async\" width=\"300\" height=\"300\" src=\"https:\/\/www.aicanada.ca\/wp-content\/uploads\/BH-Headshot1-aspect-ratio-1-1-2-300x300.jpg\" class=\"attachment-medium-square size-medium-square\" alt=\"\" srcset=\"https:\/\/www.aicanada.ca\/wp-content\/uploads\/BH-Headshot1-aspect-ratio-1-1-2-300x300.jpg 300w, https:\/\/www.aicanada.ca\/wp-content\/uploads\/BH-Headshot1-aspect-ratio-1-1-2-1024x1024.jpg 1024w, https:\/\/www.aicanada.ca\/wp-content\/uploads\/BH-Headshot1-aspect-ratio-1-1-2-150x150.jpg 150w, https:\/\/www.aicanada.ca\/wp-content\/uploads\/BH-Headshot1-aspect-ratio-1-1-2-768x768.jpg 768w, https:\/\/www.aicanada.ca\/wp-content\/uploads\/BH-Headshot1-aspect-ratio-1-1-2-1536x1536.jpg 1536w, https:\/\/www.aicanada.ca\/wp-content\/uploads\/BH-Headshot1-aspect-ratio-1-1-2-100x100.jpg 100w, https:\/\/www.aicanada.ca\/wp-content\/uploads\/BH-Headshot1-aspect-ratio-1-1-2-500x500.jpg 500w, https:\/\/www.aicanada.ca\/wp-content\/uploads\/BH-Headshot1-aspect-ratio-1-1-2-540x540.jpg 540w, https:\/\/www.aicanada.ca\/wp-content\/uploads\/BH-Headshot1-aspect-ratio-1-1-2.jpg 1638w\" sizes=\"auto, (max-width: 300px) 100vw, 300px\" \/>\t\t\t\t\t\t\t                        <\/div>\r\n                        <div class=\"staff-details\">\r\n\t\t\t\t\t\t\t                                <div class=\"staff-title\">Gestionnaire, Affaires publiques<\/div>\r\n\t\t\t\t\t\t\t                            <div class=\"staff-name\">Brandyn Hayes<\/div>\r\n\t\t\t\t\t\t\t\t\t\t\t\t\t\t\t\t\t\t\t\t\t                                <div class=\"staff-extension\"><span class=\"icon icon-bubble8\"><\/span> Extension 230<\/div>\r\n\t\t\t\t\t\t\t                        <\/div>\r\n                        <div class=\"staff-bio\">\r\n                            <a class=\"staff-bio-link\" rel=\"bios\" href=\"https:\/\/www.aicanada.ca\/fr\/staff\/brandyn-hayes\/\"><span class=\"icon icon-file-text3\"><\/span> Biographie<\/a>\r\n                        <\/div>\r\n\t\t\t\t\t\t\t\t\t\t\t\t\t\t\t\t\t\t\t                    <\/div>\r\n\r\n\t\t\t\t\r\n\t\t\t\t\t\r\n                    <div class=\"single-staff\">\r\n                        <div class=\"staff-thumb\">\r\n\t\t\t\t\t\t\t\t\t\t\t\t\t\t\t<img loading=\"lazy\" decoding=\"async\" width=\"300\" height=\"300\" src=\"https:\/\/www.aicanada.ca\/wp-content\/uploads\/Mike-G-headshot-altered-300x300.jpg\" class=\"attachment-medium-square size-medium-square\" alt=\"\" srcset=\"https:\/\/www.aicanada.ca\/wp-content\/uploads\/Mike-G-headshot-altered-300x300.jpg 300w, https:\/\/www.aicanada.ca\/wp-content\/uploads\/Mike-G-headshot-altered-150x150.jpg 150w, https:\/\/www.aicanada.ca\/wp-content\/uploads\/Mike-G-headshot-altered-100x100.jpg 100w, https:\/\/www.aicanada.ca\/wp-content\/uploads\/Mike-G-headshot-altered-500x500.jpg 500w, https:\/\/www.aicanada.ca\/wp-content\/uploads\/Mike-G-headshot-altered-541x540.jpg 541w, https:\/\/www.aicanada.ca\/wp-content\/uploads\/Mike-G-headshot-altered.jpg 580w\" sizes=\"auto, (max-width: 300px) 100vw, 300px\" \/>\t\t\t\t\t\t\t                        <\/div>\r\n                        <div class=\"staff-details\">\r\n\t\t\t\t\t\t\t                                <div class=\"staff-title\">Gestionnaire, risques<\/div>\r\n\t\t\t\t\t\t\t                            <div class=\"staff-name\">Mike Garcelon<\/div>\r\n\t\t\t\t\t\t\t                                <div class=\"staff-designation\">\u00c9. Pro., AACI, MRICS, Q.Arb, Pro.Dir<\/div>\r\n\t\t\t\t\t\t\t\t\t\t\t\t\t\t\t\t\t\t\t\t\t                                <div class=\"staff-extension\"><span class=\"icon icon-bubble8\"><\/span> Extension 245<\/div>\r\n\t\t\t\t\t\t\t                        <\/div>\r\n                        <div class=\"staff-bio\">\r\n                            <a class=\"staff-bio-link\" rel=\"bios\" href=\"https:\/\/www.aicanada.ca\/fr\/staff\/mike-garcelon\/\"><span class=\"icon icon-file-text3\"><\/span> Biographie<\/a>\r\n                        <\/div>\r\n\t\t\t\t\t\t\t\t\t\t\t\t\t\t\t\t\t\t\t                    <\/div>\r\n\r\n\t\t\t\t\r\n\t\t\t\t\t\r\n                    <div class=\"single-staff\">\r\n                        <div class=\"staff-thumb\">\r\n\t\t\t\t\t\t\t\t\t\t\t\t\t\t\t<img loading=\"lazy\" decoding=\"async\" width=\"300\" height=\"300\" src=\"https:\/\/www.aicanada.ca\/wp-content\/uploads\/generic-profile-silhouette-300x300.jpg\" class=\"attachment-medium-square size-medium-square\" alt=\"\" srcset=\"https:\/\/www.aicanada.ca\/wp-content\/uploads\/generic-profile-silhouette-300x300.jpg 300w, https:\/\/www.aicanada.ca\/wp-content\/uploads\/generic-profile-silhouette-150x150.jpg 150w, https:\/\/www.aicanada.ca\/wp-content\/uploads\/generic-profile-silhouette-100x100.jpg 100w, https:\/\/www.aicanada.ca\/wp-content\/uploads\/generic-profile-silhouette.jpg 500w\" sizes=\"auto, (max-width: 300px) 100vw, 300px\" \/>\t\t\t\t\t\t\t                        <\/div>\r\n                        <div class=\"staff-details\">\r\n\t\t\t\t\t\t\t                                <div class=\"staff-title\">Gestionnaire de projets, Technologie de l\u2019Information<\/div>\r\n\t\t\t\t\t\t\t                            <div class=\"staff-name\">Nicolas Palmero<\/div>\r\n\t\t\t\t\t\t\t\t\t\t\t\t\t\t\t\t\t\t\t\t\t                                <div class=\"staff-extension\"><span class=\"icon icon-bubble8\"><\/span> Extension 226<\/div>\r\n\t\t\t\t\t\t\t                        <\/div>\r\n                        <div class=\"staff-bio\">\r\n                            <a class=\"staff-bio-link\" rel=\"bios\" href=\"https:\/\/www.aicanada.ca\/fr\/staff\/nicolas-palmero\/\"><span class=\"icon icon-file-text3\"><\/span> Biographie<\/a>\r\n                        <\/div>\r\n\t\t\t\t\t\t\t\t\t\t\t\t\t\t\t\t\t\t\t                    <\/div>\r\n\r\n\t\t\t\t\r\n\t\t\t\t\t\r\n                    <div class=\"single-staff\">\r\n                        <div class=\"staff-thumb\">\r\n\t\t\t\t\t\t\t\t\t\t\t\t\t\t\t<img loading=\"lazy\" decoding=\"async\" width=\"300\" height=\"300\" src=\"https:\/\/www.aicanada.ca\/wp-content\/uploads\/SophieFortier-e1499779434240-1-1-300x300.jpg\" class=\"attachment-medium-square size-medium-square\" alt=\"\" srcset=\"https:\/\/www.aicanada.ca\/wp-content\/uploads\/SophieFortier-e1499779434240-1-1-300x300.jpg 300w, https:\/\/www.aicanada.ca\/wp-content\/uploads\/SophieFortier-e1499779434240-1-1-150x150.jpg 150w, https:\/\/www.aicanada.ca\/wp-content\/uploads\/SophieFortier-e1499779434240-1-1-100x100.jpg 100w, https:\/\/www.aicanada.ca\/wp-content\/uploads\/SophieFortier-e1499779434240-1-1.jpg 465w\" sizes=\"auto, (max-width: 300px) 100vw, 300px\" \/>\t\t\t\t\t\t\t                        <\/div>\r\n                        <div class=\"staff-details\">\r\n\t\t\t\t\t\t\t                                <div class=\"staff-title\">Sp\u00e9cialiste, Pratique professionnelle<\/div>\r\n\t\t\t\t\t\t\t                            <div class=\"staff-name\">Sophie Fortier<\/div>\r\n\t\t\t\t\t\t\t\t\t\t\t\t\t\t\t\t\t\t\t\t\t                                <div class=\"staff-extension\"><span class=\"icon icon-bubble8\"><\/span> Extension 239<\/div>\r\n\t\t\t\t\t\t\t                        <\/div>\r\n                        <div class=\"staff-bio\">\r\n                            <a class=\"staff-bio-link\" rel=\"bios\" href=\"https:\/\/www.aicanada.ca\/fr\/staff\/sophie-fortier\/\"><span class=\"icon icon-file-text3\"><\/span> Biographie<\/a>\r\n                        <\/div>\r\n\t\t\t\t\t\t\t\t\t\t\t\t\t\t\t\t\t\t\t                    <\/div>\r\n\r\n\t\t\t\t\r\n\t\t\t\t\t\r\n                    <div class=\"single-staff\">\r\n                        <div class=\"staff-thumb\">\r\n\t\t\t\t\t\t\t\t\t\t\t\t\t\t\t<img loading=\"lazy\" decoding=\"async\" width=\"300\" height=\"300\" src=\"https:\/\/www.aicanada.ca\/wp-content\/uploads\/generic-profile-silhouette-female-300x300.png\" class=\"attachment-medium-square size-medium-square\" alt=\"\" srcset=\"https:\/\/www.aicanada.ca\/wp-content\/uploads\/generic-profile-silhouette-female-300x300.png 300w, https:\/\/www.aicanada.ca\/wp-content\/uploads\/generic-profile-silhouette-female-150x150.png 150w, https:\/\/www.aicanada.ca\/wp-content\/uploads\/generic-profile-silhouette-female-100x100.png 100w, https:\/\/www.aicanada.ca\/wp-content\/uploads\/generic-profile-silhouette-female.png 500w\" sizes=\"auto, (max-width: 300px) 100vw, 300px\" \/>\t\t\t\t\t\t\t                        <\/div>\r\n                        <div class=\"staff-details\">\r\n\t\t\t\t\t\t\t                                <div class=\"staff-title\">Sp\u00e9cialiste, D\u00e9veloppement professionnel et accr\u00e9ditation<\/div>\r\n\t\t\t\t\t\t\t                            <div class=\"staff-name\">Rebecca McCarthy<\/div>\r\n\t\t\t\t\t\t\t\t\t\t\t\t\t\t\t\t\t\t\t\t\t                                <div class=\"staff-extension\"><span class=\"icon icon-bubble8\"><\/span> Extension 222<\/div>\r\n\t\t\t\t\t\t\t                        <\/div>\r\n                        <div class=\"staff-bio\">\r\n                            <a class=\"staff-bio-link\" rel=\"bios\" href=\"https:\/\/www.aicanada.ca\/fr\/staff\/rebecca-mccarthy\/\"><span class=\"icon icon-file-text3\"><\/span> Biographie<\/a>\r\n                        <\/div>\r\n\t\t\t\t\t\t\t\t\t\t\t\t\t\t\t\t\t\t\t                    <\/div>\r\n\r\n\t\t\t\t\r\n\t\t\t\t\t\r\n                    <div class=\"single-staff\">\r\n                        <div class=\"staff-thumb\">\r\n\t\t\t\t\t\t\t\t\t\t\t\t\t\t\t<img loading=\"lazy\" decoding=\"async\" width=\"300\" height=\"300\" src=\"https:\/\/www.aicanada.ca\/wp-content\/uploads\/sueann-1-1-aspect-ratio-1-1-1-300x300.jpg\" class=\"attachment-medium-square size-medium-square\" alt=\"\" srcset=\"https:\/\/www.aicanada.ca\/wp-content\/uploads\/sueann-1-1-aspect-ratio-1-1-1-300x300.jpg 300w, https:\/\/www.aicanada.ca\/wp-content\/uploads\/sueann-1-1-aspect-ratio-1-1-1-1024x1024.jpg 1024w, https:\/\/www.aicanada.ca\/wp-content\/uploads\/sueann-1-1-aspect-ratio-1-1-1-150x150.jpg 150w, https:\/\/www.aicanada.ca\/wp-content\/uploads\/sueann-1-1-aspect-ratio-1-1-1-768x768.jpg 768w, https:\/\/www.aicanada.ca\/wp-content\/uploads\/sueann-1-1-aspect-ratio-1-1-1-1536x1536.jpg 1536w, https:\/\/www.aicanada.ca\/wp-content\/uploads\/sueann-1-1-aspect-ratio-1-1-1-100x100.jpg 100w, https:\/\/www.aicanada.ca\/wp-content\/uploads\/sueann-1-1-aspect-ratio-1-1-1-500x500.jpg 500w, https:\/\/www.aicanada.ca\/wp-content\/uploads\/sueann-1-1-aspect-ratio-1-1-1-540x540.jpg 540w, https:\/\/www.aicanada.ca\/wp-content\/uploads\/sueann-1-1-aspect-ratio-1-1-1.jpg 1600w\" sizes=\"auto, (max-width: 300px) 100vw, 300px\" \/>\t\t\t\t\t\t\t                        <\/div>\r\n                        <div class=\"staff-details\">\r\n\t\t\t\t\t\t\t                                <div class=\"staff-title\">COORDONNATRICE, \u00c9ducation des membres<\/div>\r\n\t\t\t\t\t\t\t                            <div class=\"staff-name\">Sueann Rogers<\/div>\r\n\t\t\t\t\t\t\t\t\t\t\t\t\t\t\t\t\t\t\t\t\t                                <div class=\"staff-extension\"><span class=\"icon icon-bubble8\"><\/span> Extension 221<\/div>\r\n\t\t\t\t\t\t\t                        <\/div>\r\n                        <div class=\"staff-bio\">\r\n                            <a class=\"staff-bio-link\" rel=\"bios\" href=\"https:\/\/www.aicanada.ca\/fr\/staff\/sueann-rogers\/\"><span class=\"icon icon-file-text3\"><\/span> Biographie<\/a>\r\n                        <\/div>\r\n\t\t\t\t\t\t\t\t\t\t\t\t\t\t\t\t\t\t\t                    <\/div>\r\n\r\n\t\t\t\t\r\n\t\t\t\t\t\r\n                    <div class=\"single-staff\">\r\n                        <div class=\"staff-thumb\">\r\n\t\t\t\t\t\t\t\t\t\t\t\t\t\t\t<img loading=\"lazy\" decoding=\"async\" width=\"300\" height=\"300\" src=\"https:\/\/www.aicanada.ca\/wp-content\/uploads\/Elias-Kassis-1-scaled-aspect-ratio-1-1-1-300x300.jpg\" class=\"attachment-medium-square size-medium-square\" alt=\"\" srcset=\"https:\/\/www.aicanada.ca\/wp-content\/uploads\/Elias-Kassis-1-scaled-aspect-ratio-1-1-1-300x300.jpg 300w, https:\/\/www.aicanada.ca\/wp-content\/uploads\/Elias-Kassis-1-scaled-aspect-ratio-1-1-1-1024x1024.jpg 1024w, https:\/\/www.aicanada.ca\/wp-content\/uploads\/Elias-Kassis-1-scaled-aspect-ratio-1-1-1-150x150.jpg 150w, https:\/\/www.aicanada.ca\/wp-content\/uploads\/Elias-Kassis-1-scaled-aspect-ratio-1-1-1-768x768.jpg 768w, https:\/\/www.aicanada.ca\/wp-content\/uploads\/Elias-Kassis-1-scaled-aspect-ratio-1-1-1-1536x1536.jpg 1536w, https:\/\/www.aicanada.ca\/wp-content\/uploads\/Elias-Kassis-1-scaled-aspect-ratio-1-1-1-100x100.jpg 100w, https:\/\/www.aicanada.ca\/wp-content\/uploads\/Elias-Kassis-1-scaled-aspect-ratio-1-1-1-500x500.jpg 500w, https:\/\/www.aicanada.ca\/wp-content\/uploads\/Elias-Kassis-1-scaled-aspect-ratio-1-1-1-540x540.jpg 540w, https:\/\/www.aicanada.ca\/wp-content\/uploads\/Elias-Kassis-1-scaled-aspect-ratio-1-1-1.jpg 1993w\" sizes=\"auto, (max-width: 300px) 100vw, 300px\" \/>\t\t\t\t\t\t\t                        <\/div>\r\n                        <div class=\"staff-details\">\r\n\t\t\t\t\t\t\t                                <div class=\"staff-title\">Coordonnateur, finances et administration<\/div>\r\n\t\t\t\t\t\t\t                            <div class=\"staff-name\">Elias Kassis<\/div>\r\n\t\t\t\t\t\t\t\t\t\t\t\t\t\t\t\t\t\t\t\t\t                                <div class=\"staff-extension\"><span class=\"icon icon-bubble8\"><\/span> Extension 228<\/div>\r\n\t\t\t\t\t\t\t                        <\/div>\r\n                        <div class=\"staff-bio\">\r\n                            <a class=\"staff-bio-link\" rel=\"bios\" href=\"https:\/\/www.aicanada.ca\/fr\/staff\/elias-kassis\/\"><span class=\"icon icon-file-text3\"><\/span> Biographie<\/a>\r\n                        <\/div>\r\n\t\t\t\t\t\t\t\t\t\t\t\t\t\t\t\t\t\t\t                    <\/div>\r\n\r\n\t\t\t\t\r\n\t\t\t\t\t\r\n                    <div class=\"single-staff\">\r\n                        <div class=\"staff-thumb\">\r\n\t\t\t\t\t\t\t\t\t\t\t\t\t\t\t<img loading=\"lazy\" decoding=\"async\" width=\"300\" height=\"300\" src=\"https:\/\/www.aicanada.ca\/wp-content\/uploads\/generic-profile-silhouette-female-300x300-1-aspect-ratio-1-1.png\" class=\"attachment-medium-square size-medium-square\" alt=\"\" srcset=\"https:\/\/www.aicanada.ca\/wp-content\/uploads\/generic-profile-silhouette-female-300x300-1-aspect-ratio-1-1.png 300w, https:\/\/www.aicanada.ca\/wp-content\/uploads\/generic-profile-silhouette-female-300x300-1-aspect-ratio-1-1-150x150.png 150w, https:\/\/www.aicanada.ca\/wp-content\/uploads\/generic-profile-silhouette-female-300x300-1-aspect-ratio-1-1-100x100.png 100w\" sizes=\"auto, (max-width: 300px) 100vw, 300px\" \/>\t\t\t\t\t\t\t                        <\/div>\r\n                        <div class=\"staff-details\">\r\n\t\t\t\t\t\t\t                                <div class=\"staff-title\">Coordonnatrice, administration<\/div>\r\n\t\t\t\t\t\t\t                            <div class=\"staff-name\">Hanna Omar<\/div>\r\n\t\t\t\t\t\t\t\t\t\t\t\t\t\t\t\t\t\t\t\t\t                                <div class=\"staff-extension\"><span class=\"icon icon-bubble8\"><\/span> Extension 237<\/div>\r\n\t\t\t\t\t\t\t                        <\/div>\r\n                        <div class=\"staff-bio\">\r\n                            <a class=\"staff-bio-link\" rel=\"bios\" href=\"https:\/\/www.aicanada.ca\/fr\/staff\/hanna-omar\/\"><span class=\"icon icon-file-text3\"><\/span> Biographie<\/a>\r\n                        <\/div>\r\n\t\t\t\t\t\t\t\t\t\t\t\t\t\t\t\t\t\t\t                    <\/div>\r\n\r\n\t\t\t\t\t\t\t\r\n        <\/div>\r\n\r\n    <\/div>\r\n\r\n","protected":false},"excerpt":{"rendered":"","protected":false},"author":4,"featured_media":60914,"parent":54085,"menu_order":6,"comment_status":"closed","ping_status":"closed","template":"","meta":{"_acf_changed":false,"_relevanssi_hide_post":"","_relevanssi_hide_content":"","_relevanssi_pin_for_all":"","_relevanssi_pin_keywords":"","_relevanssi_unpin_keywords":"","_relevanssi_related_keywords":"","_relevanssi_related_include_ids":"","_relevanssi_related_exclude_ids":"","_relevanssi_related_no_append":"","_relevanssi_related_not_related":"","_relevanssi_related_posts":"","_relevanssi_noindex_reason":"","_lmt_disableupdate":"","_lmt_disable":"","footnotes":""},"class_list":["post-50997","page","type-page","status-publish","has-post-thumbnail","hentry"],"acf":[],"_links":{"self":[{"href":"https:\/\/www.aicanada.ca\/fr\/wp-json\/wp\/v2\/pages\/50997","targetHints":{"allow":["GET"]}}],"collection":[{"href":"https:\/\/www.aicanada.ca\/fr\/wp-json\/wp\/v2\/pages"}],"about":[{"href":"https:\/\/www.aicanada.ca\/fr\/wp-json\/wp\/v2\/types\/page"}],"author":[{"embeddable":true,"href":"https:\/\/www.aicanada.ca\/fr\/wp-json\/wp\/v2\/users\/4"}],"replies":[{"embeddable":true,"href":"https:\/\/www.aicanada.ca\/fr\/wp-json\/wp\/v2\/comments?post=50997"}],"version-history":[{"count":14,"href":"https:\/\/www.aicanada.ca\/fr\/wp-json\/wp\/v2\/pages\/50997\/revisions"}],"predecessor-version":[{"id":156282,"href":"https:\/\/www.aicanada.ca\/fr\/wp-json\/wp\/v2\/pages\/50997\/revisions\/156282"}],"up":[{"embeddable":true,"href":"https:\/\/www.aicanada.ca\/fr\/wp-json\/wp\/v2\/pages\/54085"}],"wp:featuredmedia":[{"embeddable":true,"href":"https:\/\/www.aicanada.ca\/fr\/wp-json\/wp\/v2\/media\/60914"}],"wp:attachment":[{"href":"https:\/\/www.aicanada.ca\/fr\/wp-json\/wp\/v2\/media?parent=50997"}],"curies":[{"name":"wp","href":"https:\/\/api.w.org\/{rel}","templated":true}]}}